
{"id":6,"date":"2018-04-04T16:35:25","date_gmt":"2018-04-04T14:35:25","guid":{"rendered":"https:\/\/lajdemo.se\/alfaet-lajdemo\/?page_id=6"},"modified":"2022-08-25T09:32:41","modified_gmt":"2022-08-25T07:32:41","slug":"om-oss","status":"publish","type":"page","link":"https:\/\/lajdemo.se\/alfaet-lajdemo\/om-oss\/","title":{"rendered":"Om oss"},"content":{"rendered":"[vc_row full_width=&#8221;stretch_row&#8221; equal_height=&#8221;yes&#8221; css=&#8221;.vc_custom_1537792181435{padding-bottom: px !important;background-color: #5b9f9a !important;}&#8221;][vc_column][\/vc_column][\/vc_row][vc_row full_width=&#8221;stretch_row&#8221; gap=&#8221;20&#8243; equal_height=&#8221;yes&#8221; content_placement=&#8221;top&#8221;][vc_column width=&#8221;1\/4&#8243; css=&#8221;.vc_custom_1523010585030{margin-right: 2px !important;border-right-width: 2px !important;border-right-color: #5b9f9a !important;border-radius: 2px !important;}&#8221;][vc_column_text el_class=&#8221;.svarttextpaomoss&#8221;]<strong>Om oss<\/strong><\/p>\n<p class=\"p1\">Alfaet Redovisning \u00e4r en modern SRF-auktoriserad redovisningsbyr\u00e5 som grundades i slutet av 2017 av Simone Turan och Lennart Edstr\u00f6m med placering i centrala V\u00e4ster\u00e5s.<\/p>\n<p>I dag \u00e4r vi tre del\u00e4gare, Hans-\u00c5ke Emfevid har tillkommit sedan mars 2020, totalt \u00e4r vi 6 medarbetare med fokus p\u00e5 att ytterligare v\u00e4xa inom en snar framtid. Vi vill vara med er n\u00e4r ni startar ert f\u00f6retag, f\u00e5 se er v\u00e4xa och utvecklas. Vi h\u00e5ller oss alltid uppdaterade vad g\u00e4ller nya lagar och regler, samt h\u00e4nger med i den digitala utvecklingen. Vi erbjuder smarta och effektiva l\u00f6sningar f\u00f6r att f\u00f6renkla vardagen \u2013 efter dina \u00f6nskem\u00e5l, i kombination med v\u00e5r kunskap.[\/vc_column_text][\/vc_column][vc_column width=&#8221;3\/4&#8243;][vc_single_image image=&#8221;183&#8243; img_size=&#8221;large&#8221; alignment=&#8221;center&#8221; css=&#8221;.vc_custom_1537864804397{padding-top: 20px !important;}&#8221;][vc_column_text el_class=&#8221;.svarttextpaomoss&#8221;]<strong>Simone Turan\u00a0 | <\/strong>\u00a0<span class=\"s2\"><a href=\"mailto:simone@lajdemo.se\">simone@alfaredovisning.se<\/a>\u00a0 |\u00a0 <\/span><span class=\"s1\">0709-350585<\/span><span class=\"s1\">\u00a0<\/span><\/p>\n<p>Har \u00f6ver 20 \u00e5rs erfarenhet inom redovisning och l\u00f6n. Auktoriserad redovisningskonsult sedan 2007, arbetar fr\u00e4mst med sm\u00e5 och medelstora \u00e4garledda bolag.[\/vc_column_text][vc_single_image image=&#8221;170&#8243; img_size=&#8221;large&#8221; alignment=&#8221;center&#8221;][vc_column_text el_class=&#8221;.svarttextpaomoss&#8221;]\n<p class=\"p1\"><span class=\"s1\"><strong>Lennart Edstr\u00f6m\u00a0 |\u00a0\u00a0<\/strong> <\/span><span class=\"s2\"><a href=\"mailto:lennart@lajdemo.se\">lennart@alfaredovisning.se<\/a>\u00a0 |\u00a0 <\/span><span class=\"s1\">0706-501771<\/span><\/p>\n<p class=\"p1\">Auktoriserad redovisningskonsult sedan 2001, arbetar fr\u00e4mst med redovisning och beskattning av sm\u00e5 och medelstora \u00e4garledda bolag. Tidigare verksam som auktoriserad revisor.<\/p>\n[\/vc_column_text][vc_single_image image=&#8221;920&#8243; img_size=&#8221;large&#8221; alignment=&#8221;center&#8221;][vc_column_text el_class=&#8221;.svarttextpaomoss&#8221; css=&#8221;.vc_custom_1606722032174{padding-bottom: 20px !important;}&#8221;]\n<p class=\"p1\"><span class=\"s1\"><strong>Hans-\u00c5ke Emfevid\u00a0 |\u00a0 <a href=\"mailto:hans@alfaredovisning.se\">hans@alfaredovisning.se<\/a>\u00a0 |\u00a0 <\/strong>0709-290949<\/span><\/p>\n<p>Managementkonsult med 30 \u00e5rs erfarenhet inom administration, redovisning, processtyrning, utredning, koncernfr\u00e5gor, bolagsfr\u00e5gor och bolagsf\u00f6rs\u00e4ljning. Har en bred kompetens och m\u00e5ng\u00e5rig erfarenhet inom f\u00e5mansf\u00f6retagarsf\u00e4ren.[\/vc_column_text][vc_single_image image=&#8221;269&#8243; img_size=&#8221;large&#8221; alignment=&#8221;center&#8221;][vc_column_text el_class=&#8221;.svarttextpaomoss&#8221; css=&#8221;.vc_custom_1606722535662{padding-bottom: 20px !important;}&#8221;]\n<p class=\"p1\"><span class=\"s1\"><strong>Madeleine Olofsson<\/strong>\u00a0 | <\/span><a href=\"mailto:madeleine@lajdemo.se\">madeleine@alfaredovisning.se<\/a>\u00a0 |\u00a0 0703-376101<\/p>\n<p class=\"p1\"><span class=\"s1\">Redovisnings- och l\u00f6nekonsult. Arbetat i branschen sedan 2013. Brinner framf\u00f6r allt f\u00f6r l\u00f6nehantering och systemfr\u00e5gor.<\/span><\/p>\n[\/vc_column_text][vc_single_image image=&#8221;921&#8243; img_size=&#8221;large&#8221; alignment=&#8221;center&#8221;][vc_column_text el_class=&#8221;.svarttextpaomoss&#8221; css=&#8221;.vc_custom_1606722637889{padding-bottom: 20px !important;}&#8221;]\n<p class=\"p1\"><span class=\"s1\"><strong>Frida Sj\u00f6berg\u00a0\u00a0<\/strong>|\u00a0 <a href=\"mailto:frida@alfaredovisning.se\">frida@alfaredovisning.se<\/a>\u00a0 |\u00a0 0728-703679<\/span><\/p>\n<p class=\"p1\"><span class=\"s1\">Redovisningskonsult sedan 2018, glad och driven tjej med erfarenhet fr\u00e5n flera ekonomisystem.<\/span><\/p>\n[\/vc_column_text][\/vc_column][\/vc_row][vc_row full_width=&#8221;stretch_row&#8221; equal_height=&#8221;yes&#8221; css=&#8221;.vc_custom_1537792148012{padding-bottom: 40px !important;background-color: #274a46 !important;}&#8221;][vc_column][\/vc_column][\/vc_row]\n","protected":false},"excerpt":{"rendered":"<p>[vc_row full_width=&#8221;stretch_row&#8221; equal_height=&#8221;yes&#8221; css=&#8221;.vc_custom_1537792181435{padding-bottom: px !important;background-color: #5b9f9a !important;}&#8221;][vc_column][\/vc_column][\/vc_row][vc_row full_width=&#8221;stretch_row&#8221; gap=&#8221;20&#8243; equal_height=&#8221;yes&#8221; content_placement=&#8221;top&#8221;][vc_column width=&#8221;1\/4&#8243; css=&#8221;.vc_custom_1523010585030{margin-right: 2px !important;border-right-width: 2px !important;border-right-color: #5b9f9a !important;border-radius: 2px !important;}&#8221;][vc_column_text el_class=&#8221;.svarttextpaomoss&#8221;]Om oss Alfaet Redovisning \u00e4r en modern SRF-auktoriserad&#8230;<\/p>\n","protected":false},"author":1,"featured_media":0,"parent":0,"menu_order":0,"comment_status":"closed","ping_status":"closed","template":"","meta":[],"yoast_head":"<!-- This site is optimized with the Yoast SEO plugin v19.9 - https:\/\/yoast.com\/wordpress\/plugins\/seo\/ -->\n<title>Om oss - alfaet | Vi \u00e4r en modern SRF-auktoriserad redovisningsbyr\u00e5.<\/title>\n<meta name=\"description\" content=\"Alfaet Redovisning \u00e4r en modern SRF-auktoriserad redovisningsbyr\u00e5 som grundades i slutet av 2017 av Simone Turan och Lennart Edstr\u00f6m i centrala V\u00e4ster\u00e5s.\" \/>\n<meta name=\"robots\" content=\"index, follow, max-snippet:-1, max-image-preview:large, max-video-preview:-1\" \/>\n<link rel=\"canonical\" href=\"https:\/\/lajdemo.se\/alfaet-lajdemo\/om-oss\/\" \/>\n<meta property=\"og:locale\" content=\"sv_SE\" \/>\n<meta property=\"og:type\" content=\"article\" \/>\n<meta property=\"og:title\" content=\"Om oss - alfaet | Vi \u00e4r en modern SRF-auktoriserad redovisningsbyr\u00e5.\" \/>\n<meta property=\"og:description\" content=\"Alfaet Redovisning \u00e4r en modern SRF-auktoriserad redovisningsbyr\u00e5 som grundades i slutet av 2017 av Simone Turan och Lennart Edstr\u00f6m i centrala V\u00e4ster\u00e5s.\" \/>\n<meta property=\"og:url\" content=\"https:\/\/lajdemo.se\/alfaet-lajdemo\/om-oss\/\" \/>\n<meta property=\"og:site_name\" content=\"alfaet\" \/>\n<meta property=\"article:modified_time\" content=\"2022-08-25T07:32:41+00:00\" \/>\n<meta name=\"twitter:card\" content=\"summary_large_image\" \/>\n<meta name=\"twitter:label1\" content=\"Ber\u00e4knad l\u00e4stid\" \/>\n\t<meta name=\"twitter:data1\" content=\"2 minuter\" \/>\n<script type=\"application\/ld+json\" class=\"yoast-schema-graph\">{\"@context\":\"https:\/\/schema.org\",\"@graph\":[{\"@type\":\"WebPage\",\"@id\":\"https:\/\/lajdemo.se\/alfaet-lajdemo\/om-oss\/\",\"url\":\"https:\/\/lajdemo.se\/alfaet-lajdemo\/om-oss\/\",\"name\":\"Om oss - alfaet | Vi \u00e4r en modern SRF-auktoriserad redovisningsbyr\u00e5.\",\"isPartOf\":{\"@id\":\"https:\/\/lajdemo.se\/alfaet-lajdemo\/#website\"},\"datePublished\":\"2018-04-04T14:35:25+00:00\",\"dateModified\":\"2022-08-25T07:32:41+00:00\",\"description\":\"Alfaet Redovisning \u00e4r en modern SRF-auktoriserad redovisningsbyr\u00e5 som grundades i slutet av 2017 av Simone Turan och Lennart Edstr\u00f6m i centrala V\u00e4ster\u00e5s.\",\"breadcrumb\":{\"@id\":\"https:\/\/lajdemo.se\/alfaet-lajdemo\/om-oss\/#breadcrumb\"},\"inLanguage\":\"sv-SE\",\"potentialAction\":[{\"@type\":\"ReadAction\",\"target\":[\"https:\/\/lajdemo.se\/alfaet-lajdemo\/om-oss\/\"]}]},{\"@type\":\"BreadcrumbList\",\"@id\":\"https:\/\/lajdemo.se\/alfaet-lajdemo\/om-oss\/#breadcrumb\",\"itemListElement\":[{\"@type\":\"ListItem\",\"position\":1,\"name\":\"Hem\",\"item\":\"https:\/\/lajdemo.se\/alfaet-lajdemo\/\"},{\"@type\":\"ListItem\",\"position\":2,\"name\":\"Om oss\"}]},{\"@type\":\"WebSite\",\"@id\":\"https:\/\/lajdemo.se\/alfaet-lajdemo\/#website\",\"url\":\"https:\/\/lajdemo.se\/alfaet-lajdemo\/\",\"name\":\"alfaet\",\"description\":\"Alfaredovisning - revisionsbyr\u00e5 i centrala V\u00e4ster\u00e5s\",\"potentialAction\":[{\"@type\":\"SearchAction\",\"target\":{\"@type\":\"EntryPoint\",\"urlTemplate\":\"https:\/\/lajdemo.se\/alfaet-lajdemo\/?s={search_term_string}\"},\"query-input\":\"required name=search_term_string\"}],\"inLanguage\":\"sv-SE\"}]}<\/script>\n<!-- \/ Yoast SEO plugin. -->","yoast_head_json":{"title":"Om oss - alfaet | Vi \u00e4r en modern SRF-auktoriserad redovisningsbyr\u00e5.","description":"Alfaet Redovisning \u00e4r en modern SRF-auktoriserad redovisningsbyr\u00e5 som grundades i slutet av 2017 av Simone Turan och Lennart Edstr\u00f6m i centrala V\u00e4ster\u00e5s.","robots":{"index":"index","follow":"follow","max-snippet":"max-snippet:-1","max-image-preview":"max-image-preview:large","max-video-preview":"max-video-preview:-1"},"canonical":"https:\/\/lajdemo.se\/alfaet-lajdemo\/om-oss\/","og_locale":"sv_SE","og_type":"article","og_title":"Om oss - alfaet | Vi \u00e4r en modern SRF-auktoriserad redovisningsbyr\u00e5.","og_description":"Alfaet Redovisning \u00e4r en modern SRF-auktoriserad redovisningsbyr\u00e5 som grundades i slutet av 2017 av Simone Turan och Lennart Edstr\u00f6m i centrala V\u00e4ster\u00e5s.","og_url":"https:\/\/lajdemo.se\/alfaet-lajdemo\/om-oss\/","og_site_name":"alfaet","article_modified_time":"2022-08-25T07:32:41+00:00","twitter_card":"summary_large_image","twitter_misc":{"Ber\u00e4knad l\u00e4stid":"2 minuter"},"schema":{"@context":"https:\/\/schema.org","@graph":[{"@type":"WebPage","@id":"https:\/\/lajdemo.se\/alfaet-lajdemo\/om-oss\/","url":"https:\/\/lajdemo.se\/alfaet-lajdemo\/om-oss\/","name":"Om oss - alfaet | Vi \u00e4r en modern SRF-auktoriserad redovisningsbyr\u00e5.","isPartOf":{"@id":"https:\/\/lajdemo.se\/alfaet-lajdemo\/#website"},"datePublished":"2018-04-04T14:35:25+00:00","dateModified":"2022-08-25T07:32:41+00:00","description":"Alfaet Redovisning \u00e4r en modern SRF-auktoriserad redovisningsbyr\u00e5 som grundades i slutet av 2017 av Simone Turan och Lennart Edstr\u00f6m i centrala V\u00e4ster\u00e5s.","breadcrumb":{"@id":"https:\/\/lajdemo.se\/alfaet-lajdemo\/om-oss\/#breadcrumb"},"inLanguage":"sv-SE","potentialAction":[{"@type":"ReadAction","target":["https:\/\/lajdemo.se\/alfaet-lajdemo\/om-oss\/"]}]},{"@type":"BreadcrumbList","@id":"https:\/\/lajdemo.se\/alfaet-lajdemo\/om-oss\/#breadcrumb","itemListElement":[{"@type":"ListItem","position":1,"name":"Hem","item":"https:\/\/lajdemo.se\/alfaet-lajdemo\/"},{"@type":"ListItem","position":2,"name":"Om oss"}]},{"@type":"WebSite","@id":"https:\/\/lajdemo.se\/alfaet-lajdemo\/#website","url":"https:\/\/lajdemo.se\/alfaet-lajdemo\/","name":"alfaet","description":"Alfaredovisning - revisionsbyr\u00e5 i centrala V\u00e4ster\u00e5s","potentialAction":[{"@type":"SearchAction","target":{"@type":"EntryPoint","urlTemplate":"https:\/\/lajdemo.se\/alfaet-lajdemo\/?s={search_term_string}"},"query-input":"required name=search_term_string"}],"inLanguage":"sv-SE"}]}},"_links":{"self":[{"href":"https:\/\/lajdemo.se\/alfaet-lajdemo\/wp-json\/wp\/v2\/pages\/6"}],"collection":[{"href":"https:\/\/lajdemo.se\/alfaet-lajdemo\/wp-json\/wp\/v2\/pages"}],"about":[{"href":"https:\/\/lajdemo.se\/alfaet-lajdemo\/wp-json\/wp\/v2\/types\/page"}],"author":[{"embeddable":true,"href":"https:\/\/lajdemo.se\/alfaet-lajdemo\/wp-json\/wp\/v2\/users\/1"}],"replies":[{"embeddable":true,"href":"https:\/\/lajdemo.se\/alfaet-lajdemo\/wp-json\/wp\/v2\/comments?post=6"}],"version-history":[{"count":22,"href":"https:\/\/lajdemo.se\/alfaet-lajdemo\/wp-json\/wp\/v2\/pages\/6\/revisions"}],"predecessor-version":[{"id":1420,"href":"https:\/\/lajdemo.se\/alfaet-lajdemo\/wp-json\/wp\/v2\/pages\/6\/revisions\/1420"}],"wp:attachment":[{"href":"https:\/\/lajdemo.se\/alfaet-lajdemo\/wp-json\/wp\/v2\/media?parent=6"}],"curies":[{"name":"wp","href":"https:\/\/api.w.org\/{rel}","templated":true}]}}